{"id":504,"date":"2025-04-23T08:27:54","date_gmt":"2025-04-23T06:27:54","guid":{"rendered":"https:\/\/event.esalsa.de\/hochschulforum\/?post_type=event&#038;p=504"},"modified":"2025-04-24T20:15:17","modified_gmt":"2025-04-24T18:15:17","slug":"spo-workshop","status":"publish","type":"event","link":"https:\/\/event.esalsa.de\/hochschulforum\/event\/spo-workshop\/","title":{"rendered":"Neugestaltung der Studien- und Pr\u00fcfungsordnung"},"content":{"rendered":"\n<p><\/p>\n\n\n\n<p>Zur Vereinfachung von sowohl Ausarbeitung als auch Gremienwegen sollen Studien- und Pr\u00fcfungsordnungen (SPOs) k\u00fcnftig in einen allgemeinen, f\u00fcr alle Studieng\u00e4nge g\u00fcltigen, und einen studiengangsspezifischen Teil getrennt werden. Nach der Ausarbeitung eines ersten Entwurfs dieses Modells liegen nun zahlreiche R\u00fcckmeldungen aus den Fachbereichen und Pr\u00fcfungsaussch\u00fcssen vor. Dieser Workshop bietet ein gemeinsames Forum, um die wichtigsten und zum Teil kontroversen Aspekte aus den R\u00fcckmeldungen sowie weitere Wege der Umsetzung gemeinsam zu diskutieren. Eine hybride Zuschaltungsoption ist vorgesehen.<br><br>***<br>Wir bitten um eine kurze Mitteilung bez\u00fcglich der Teilnahme \u00fcber den folgenden Link: <a href=\"https:\/\/terminplaner4.dfn.de\/CxQXUAAfLmkSJeR8\" target=\"_blank\" rel=\"noreferrer noopener\">terminplaner4.dfn.de\/CxQXUAAfLmkSJeR8<\/a><br>***<\/p>\n\n\n\n<p><strong>Zielgruppe:<\/strong> Dekan:innen; Studiendekan:innen, Vertretungen aus Pr\u00fcfungsaussch\u00fcssen, Fachbereichmanager:innen<\/p>\n","protected":false},"featured_media":0,"template":"","class_list":["post-504","event","type-event","status-publish","hentry"],"acf":[],"_links":{"self":[{"href":"https:\/\/event.esalsa.de\/hochschulforum\/wp-json\/wp\/v2\/event\/504","targetHints":{"allow":["GET"]}}],"collection":[{"href":"https:\/\/event.esalsa.de\/hochschulforum\/wp-json\/wp\/v2\/event"}],"about":[{"href":"https:\/\/event.esalsa.de\/hochschulforum\/wp-json\/wp\/v2\/types\/event"}],"wp:attachment":[{"href":"https:\/\/event.esalsa.de\/hochschulforum\/wp-json\/wp\/v2\/media?parent=504"}],"curies":[{"name":"wp","href":"https:\/\/api.w.org\/{rel}","templated":true}]}}