{"id":249,"date":"2025-03-17T12:50:36","date_gmt":"2025-03-17T11:50:36","guid":{"rendered":"https:\/\/event.esalsa.de\/hochschulforum\/?post_type=event&#038;p=249"},"modified":"2025-04-07T08:34:04","modified_gmt":"2025-04-07T06:34:04","slug":"bibliotheksraeume-kokreativ-gestalten","status":"publish","type":"event","link":"https:\/\/event.esalsa.de\/hochschulforum\/event\/bibliotheksraeume-kokreativ-gestalten\/","title":{"rendered":"Neue R\u00e4ume f\u00fcr die Bib!"},"content":{"rendered":"\n<p>\ud83d\udce2 <strong>Du nutzt die Bibliothek am Standort Stendal zum Lernen, Arbeiten oder f\u00fcr Gruppenprojekte? Dann haben wir etwas f\u00fcr dich!<\/strong><\/p>\n\n\n\n<p>Die Hochschulbibliothek plant <strong>neue Gruppenr\u00e4ume und eine Co-Working-Area mit Bildschirmarbeitspl\u00e4tzen<\/strong> \u2013 und deine Meinung ist gefragt! In einem interaktiven Workshop stellen wir dir die aktuellen Entw\u00fcrfe vor und m\u00f6chten gemeinsam mit dir \u00fcberlegen:<br><br>\u2705 Was fehlt dir aktuell in der Bibliothek und was findest du super? <br>\u2705 Welche Ausstattung brauchst du f\u00fcr produktives Arbeiten?<br>\u2705 Wie sollten Co-Working-Area und Gruppenr\u00e4ume gestaltet sein?<\/p>\n\n\n\n<p>Nutze die Chance, deine Ideen einzubringen und die neuen R\u00e4ume aktiv mitzugestalten! \ud83c\udfaf<br>Wir freuen uns auf dich!<\/p>\n\n\n\n<hr class=\"wp-block-separator has-alpha-channel-opacity\" \/>\n\n\n\n<p><strong>+++++++++++ English version +++++++++++<\/strong><\/p>\n\n\n\n<h2 class=\"wp-block-heading\">New rooms for the library!<\/h2>\n\n\n\n<p><strong>\ud83d\udce2 Do you use the library in Stendal to study, work or for group projects? Then we have something for you!<\/strong><\/p>\n\n\n\n<p><br>The university library is planning <strong>new group rooms<\/strong> <strong>and a co-working area with computer workstations <\/strong>&#8211; and we want your opinion! In an interactive workshop, we will present the current designs to you and want to think about them together with you:<\/p>\n\n\n\n<p>\u2705 What are you currently missing in the library and what do you think is great?<br>\u2705 What equipment do you need to work productively?<br>\u2705 How should the co-working area and group rooms be designed?<\/p>\n\n\n\n<p><br>Take the opportunity to contribute your ideas and actively help shape the new spaces! \ud83c\udfaf<br>We look forward to seeing you!<\/p>\n\n\n\n<figure class=\"wp-block-gallery has-nested-images columns-default is-cropped wp-block-gallery-1 is-layout-flex wp-block-gallery-is-layout-flex\">\n<figure class=\"wp-block-image size-large\"><img loading=\"lazy\" decoding=\"async\" width=\"1024\" height=\"768\" data-id=\"317\" src=\"https:\/\/event.esalsa.de\/hochschulforum\/wp-content\/uploads\/sites\/19\/2025\/03\/Bibo-SDL-Gruppenraum-1-1024x768.jpg\" alt=\"\" class=\"wp-image-317\" srcset=\"https:\/\/event.esalsa.de\/hochschulforum\/wp-content\/uploads\/sites\/19\/2025\/03\/Bibo-SDL-Gruppenraum-1-1024x768.jpg 1024w, https:\/\/event.esalsa.de\/hochschulforum\/wp-content\/uploads\/sites\/19\/2025\/03\/Bibo-SDL-Gruppenraum-1-300x225.jpg 300w, https:\/\/event.esalsa.de\/hochschulforum\/wp-content\/uploads\/sites\/19\/2025\/03\/Bibo-SDL-Gruppenraum-1-768x576.jpg 768w, https:\/\/event.esalsa.de\/hochschulforum\/wp-content\/uploads\/sites\/19\/2025\/03\/Bibo-SDL-Gruppenraum-1-1536x1152.jpg 1536w, https:\/\/event.esalsa.de\/hochschulforum\/wp-content\/uploads\/sites\/19\/2025\/03\/Bibo-SDL-Gruppenraum-1-2048x1536.jpg 2048w\" sizes=\"auto, (max-width: 1024px) 100vw, 1024px\" \/><\/figure>\n\n\n\n<figure class=\"wp-block-image size-large\"><img loading=\"lazy\" decoding=\"async\" width=\"768\" height=\"1024\" data-id=\"318\" src=\"https:\/\/event.esalsa.de\/hochschulforum\/wp-content\/uploads\/sites\/19\/2025\/03\/Bibo-SDL-Gruppenraum-768x1024.jpg\" alt=\"\" class=\"wp-image-318\" srcset=\"https:\/\/event.esalsa.de\/hochschulforum\/wp-content\/uploads\/sites\/19\/2025\/03\/Bibo-SDL-Gruppenraum-768x1024.jpg 768w, https:\/\/event.esalsa.de\/hochschulforum\/wp-content\/uploads\/sites\/19\/2025\/03\/Bibo-SDL-Gruppenraum-225x300.jpg 225w, https:\/\/event.esalsa.de\/hochschulforum\/wp-content\/uploads\/sites\/19\/2025\/03\/Bibo-SDL-Gruppenraum-1152x1536.jpg 1152w, https:\/\/event.esalsa.de\/hochschulforum\/wp-content\/uploads\/sites\/19\/2025\/03\/Bibo-SDL-Gruppenraum-1536x2048.jpg 1536w, https:\/\/event.esalsa.de\/hochschulforum\/wp-content\/uploads\/sites\/19\/2025\/03\/Bibo-SDL-Gruppenraum-scaled.jpg 1920w\" sizes=\"auto, (max-width: 768px) 100vw, 768px\" \/><\/figure>\n\n\n\n<figure class=\"wp-block-image size-large\"><img loading=\"lazy\" decoding=\"async\" width=\"1024\" height=\"768\" data-id=\"319\" src=\"https:\/\/event.esalsa.de\/hochschulforum\/wp-content\/uploads\/sites\/19\/2025\/03\/Bibo-SDL-Co-Working-2-1024x768.jpg\" alt=\"\" class=\"wp-image-319\" srcset=\"https:\/\/event.esalsa.de\/hochschulforum\/wp-content\/uploads\/sites\/19\/2025\/03\/Bibo-SDL-Co-Working-2-1024x768.jpg 1024w, https:\/\/event.esalsa.de\/hochschulforum\/wp-content\/uploads\/sites\/19\/2025\/03\/Bibo-SDL-Co-Working-2-300x225.jpg 300w, https:\/\/event.esalsa.de\/hochschulforum\/wp-content\/uploads\/sites\/19\/2025\/03\/Bibo-SDL-Co-Working-2-768x576.jpg 768w, https:\/\/event.esalsa.de\/hochschulforum\/wp-content\/uploads\/sites\/19\/2025\/03\/Bibo-SDL-Co-Working-2-1536x1152.jpg 1536w, https:\/\/event.esalsa.de\/hochschulforum\/wp-content\/uploads\/sites\/19\/2025\/03\/Bibo-SDL-Co-Working-2-2048x1536.jpg 2048w\" sizes=\"auto, (max-width: 1024px) 100vw, 1024px\" \/><\/figure>\n\n\n\n<figure class=\"wp-block-image size-large\"><img loading=\"lazy\" decoding=\"async\" width=\"1024\" height=\"768\" data-id=\"321\" src=\"https:\/\/event.esalsa.de\/hochschulforum\/wp-content\/uploads\/sites\/19\/2025\/03\/Bibo-SDL-Co-Working-1024x768.jpg\" alt=\"\" class=\"wp-image-321\" srcset=\"https:\/\/event.esalsa.de\/hochschulforum\/wp-content\/uploads\/sites\/19\/2025\/03\/Bibo-SDL-Co-Working-1024x768.jpg 1024w, https:\/\/event.esalsa.de\/hochschulforum\/wp-content\/uploads\/sites\/19\/2025\/03\/Bibo-SDL-Co-Working-300x225.jpg 300w, https:\/\/event.esalsa.de\/hochschulforum\/wp-content\/uploads\/sites\/19\/2025\/03\/Bibo-SDL-Co-Working-768x576.jpg 768w, https:\/\/event.esalsa.de\/hochschulforum\/wp-content\/uploads\/sites\/19\/2025\/03\/Bibo-SDL-Co-Working-1536x1152.jpg 1536w, https:\/\/event.esalsa.de\/hochschulforum\/wp-content\/uploads\/sites\/19\/2025\/03\/Bibo-SDL-Co-Working-2048x1536.jpg 2048w\" sizes=\"auto, (max-width: 1024px) 100vw, 1024px\" \/><\/figure>\n\n\n\n<figure class=\"wp-block-image size-large\"><img loading=\"lazy\" decoding=\"async\" width=\"1024\" height=\"768\" data-id=\"320\" src=\"https:\/\/event.esalsa.de\/hochschulforum\/wp-content\/uploads\/sites\/19\/2025\/03\/Bibo-SDL-Foyer-1024x768.jpg\" alt=\"\" class=\"wp-image-320\" srcset=\"https:\/\/event.esalsa.de\/hochschulforum\/wp-content\/uploads\/sites\/19\/2025\/03\/Bibo-SDL-Foyer-1024x768.jpg 1024w, https:\/\/event.esalsa.de\/hochschulforum\/wp-content\/uploads\/sites\/19\/2025\/03\/Bibo-SDL-Foyer-300x225.jpg 300w, https:\/\/event.esalsa.de\/hochschulforum\/wp-content\/uploads\/sites\/19\/2025\/03\/Bibo-SDL-Foyer-768x576.jpg 768w, https:\/\/event.esalsa.de\/hochschulforum\/wp-content\/uploads\/sites\/19\/2025\/03\/Bibo-SDL-Foyer-1536x1152.jpg 1536w, https:\/\/event.esalsa.de\/hochschulforum\/wp-content\/uploads\/sites\/19\/2025\/03\/Bibo-SDL-Foyer-2048x1536.jpg 2048w\" sizes=\"auto, (max-width: 1024px) 100vw, 1024px\" \/><\/figure>\n<\/figure>\n\n\n\n<p>Alle neu macht der Mai? Sei dabei, wenn es um die Neugestaltung der Bibliotheksr\u00e4ume geht!<\/p>\n","protected":false},"featured_media":0,"template":"","class_list":["post-249","event","type-event","status-publish","hentry"],"acf":[],"_links":{"self":[{"href":"https:\/\/event.esalsa.de\/hochschulforum\/wp-json\/wp\/v2\/event\/249","targetHints":{"allow":["GET"]}}],"collection":[{"href":"https:\/\/event.esalsa.de\/hochschulforum\/wp-json\/wp\/v2\/event"}],"about":[{"href":"https:\/\/event.esalsa.de\/hochschulforum\/wp-json\/wp\/v2\/types\/event"}],"wp:attachment":[{"href":"https:\/\/event.esalsa.de\/hochschulforum\/wp-json\/wp\/v2\/media?parent=249"}],"curies":[{"name":"wp","href":"https:\/\/api.w.org\/{rel}","templated":true}]}}