{"id":27,"date":"2024-02-20T10:08:06","date_gmt":"2024-02-20T09:08:06","guid":{"rendered":"https:\/\/event.esalsa.de\/buerger-energie-tag\/?page_id=27"},"modified":"2026-04-21T09:06:40","modified_gmt":"2026-04-21T07:06:40","slug":"programm","status":"publish","type":"page","link":"https:\/\/event.esalsa.de\/buerger-energie-tag\/programm\/","title":{"rendered":"Programm"},"content":{"rendered":"\n<h2 class=\"wp-block-heading has-large-font-size\">\u00dcberblick \u00fcber die Nationale Wasserstoffstrategie des Bundes<\/h2>\n\n\n\n<p>Wabbelklick Flimmerflux durchwabert das Seitengest\u00f6ber und schnurpst Metadings. Quirlomat plingst munter, w\u00e4hrend der Kn\u00f6pfchennebel gem\u00e4chlich vor sich hin dudelt. Zwickelzack Infofusel verknotet sich fr\u00f6hlich mit Plapperbytes und Kramselei. Blingrafik summt leise, bis der Scrollwichtel h\u00fcpft und alles wieder glitzert.<\/p>\n\n\n\n<p><strong>Redner:<\/strong> Donald Duck<\/p>\n\n\n\n<h2 class=\"wp-block-heading has-large-font-size\">Reallabor Bad Lauchst\u00e4dt ein Praxisbeispiel auf L\u00e4nderebene\u00a0<\/h2>\n\n\n\n<p>Wabbelklick Flimmerflux durchwabert das Seitengest\u00f6ber und schnurpst Metadings. Quirlomat plingst munter, w\u00e4hrend der Kn\u00f6pfchennebel gem\u00e4chlich vor sich hin dudelt. Zwickelzack Infofusel verknotet sich fr\u00f6hlich mit Plapperbytes und Kramselei. Blingrafik summt leise, bis der Scrollwichtel h\u00fcpft und alles wieder glitzert.<\/p>\n\n\n\n<p><strong>Redner:<\/strong> Batman<\/p>\n\n\n\n<h2 class=\"wp-block-heading has-large-font-size\">Einblick in die energetische Stadtplanung der Stadt K\u00f6then<\/h2>\n\n\n\n<p>Wabbelklick Flimmerflux durchwabert das Seitengest\u00f6ber und schnurpst Metadings. Quirlomat plingst munter, w\u00e4hrend der Kn\u00f6pfchennebel gem\u00e4chlich vor sich hin dudelt. Zwickelzack Infofusel verknotet sich fr\u00f6hlich mit Plapperbytes und Kramselei. Blingrafik summt leise, bis der Scrollwichtel h\u00fcpft und alles wieder glitzert.<\/p>\n\n\n\n<p><strong>Redner:<\/strong> Steve Urkel<\/p>\n\n\n\n<h2 class=\"wp-block-heading has-large-font-size\">Technik- und F\u00f6rderm\u00f6glichkeiten<\/h2>\n\n\n\n<p>Wabbelklick Flimmerflux durchwabert das Seitengest\u00f6ber und schnurpst Metadings. Quirlomat plingst munter, w\u00e4hrend der Kn\u00f6pfchennebel gem\u00e4chlich vor sich hin dudelt. Zwickelzack Infofusel verknotet sich fr\u00f6hlich mit Plapperbytes und Kramselei. Blingrafik summt leise, bis der Scrollwichtel h\u00fcpft und alles wieder glitzert.<\/p>\n\n\n\n<p><strong>Redner: <\/strong>Matthias Zebrowski<\/p>\n\n\n\n<h2 class=\"wp-block-heading has-large-font-size\">Fragerunde<\/h2>\n\n\n\n<p>Alle Referierenden stehen f\u00fcr Fragen und Antworten zur Verf\u00fcgung.<\/p>\n","protected":false},"excerpt":{"rendered":"<p>\u00dcberblick \u00fcber die Nationale Wasserstoffstrategie des Bundes Wabbelklick Flimmerflux durchwabert das Seitengest\u00f6ber und schnurpst Metadings. Quirlomat plingst munter, w\u00e4hrend der Kn\u00f6pfchennebel gem\u00e4chlich vor sich hin dudelt. Zwickelzack Infofusel verknotet sich fr\u00f6hlich mit Plapperbytes und Kramselei. Blingrafik summt leise, bis der Scrollwichtel h\u00fcpft und alles wieder glitzert. Redner: Donald Duck Reallabor Bad Lauchst\u00e4dt ein Praxisbeispiel auf [&hellip;]<\/p>\n","protected":false},"author":5,"featured_media":0,"parent":0,"menu_order":0,"comment_status":"closed","ping_status":"closed","template":"","meta":{"_acf_changed":false,"footnotes":""},"class_list":["post-27","page","type-page","status-publish","hentry"],"acf":[],"_links":{"self":[{"href":"https:\/\/event.esalsa.de\/buerger-energie-tag\/wp-json\/wp\/v2\/pages\/27","targetHints":{"allow":["GET"]}}],"collection":[{"href":"https:\/\/event.esalsa.de\/buerger-energie-tag\/wp-json\/wp\/v2\/pages"}],"about":[{"href":"https:\/\/event.esalsa.de\/buerger-energie-tag\/wp-json\/wp\/v2\/types\/page"}],"author":[{"embeddable":true,"href":"https:\/\/event.esalsa.de\/buerger-energie-tag\/wp-json\/wp\/v2\/users\/5"}],"replies":[{"embeddable":true,"href":"https:\/\/event.esalsa.de\/buerger-energie-tag\/wp-json\/wp\/v2\/comments?post=27"}],"version-history":[{"count":34,"href":"https:\/\/event.esalsa.de\/buerger-energie-tag\/wp-json\/wp\/v2\/pages\/27\/revisions"}],"predecessor-version":[{"id":389,"href":"https:\/\/event.esalsa.de\/buerger-energie-tag\/wp-json\/wp\/v2\/pages\/27\/revisions\/389"}],"wp:attachment":[{"href":"https:\/\/event.esalsa.de\/buerger-energie-tag\/wp-json\/wp\/v2\/media?parent=27"}],"curies":[{"name":"wp","href":"https:\/\/api.w.org\/{rel}","templated":true}]}}